
{"id":34,"date":"2024-11-20T23:47:44","date_gmt":"2024-11-20T23:47:44","guid":{"rendered":"https:\/\/hotelaranjeira.com\/?post_type=quartos&#038;p=34"},"modified":"2024-12-17T21:52:45","modified_gmt":"2024-12-17T21:52:45","slug":"quarto-duplo-twin-c-vistas","status":"publish","type":"quartos","link":"https:\/\/hotelaranjeira.com\/fr\/quartos\/quarto-duplo-twin-c-vistas\/","title":{"rendered":"Chambre double\/lits jumeaux avec vue"},"content":{"rendered":"<p>Quarto Duplo\/Twin com vistas, com ar condicionado inclui uma televis\u00e3o de ecr\u00e3 plano com canais por cabo e uma casa de banho privativa com produtos de higiene pessoal gratuitos.<\/p>\n\n\n\n<p>O hotel Laranjeira tamb\u00e9m disp\u00f5e de um bar que serve bebidas refrescantes, snacks doces e salgados, al\u00e9m de oferecer servi\u00e7o de quartos para maior conveni\u00eancia.<\/p>\n\n\n\n<p>Este quarto disp\u00f5e de varanda privativa, ideal para relaxar e apreciar a paisagem, com vistas deslumbrantes para <strong>Viana do Castelo<\/strong> et le majestueux <strong>Mont de Santa Luzia<\/strong><\/p>","protected":false},"excerpt":{"rendered":"<p>Cette chambre dispose d'un balcon priv\u00e9, id\u00e9al pour se d\u00e9tendre et profiter du paysage, avec des vues \u00e0 couper le souffle sur Viana do Castelo et le majestueux Monte de Santa Luzia.<\/p>","protected":false},"author":1,"featured_media":468,"parent":0,"template":"","meta":{"_acf_changed":false,"footnotes":""},"class_list":["post-34","quartos","type-quartos","status-publish","has-post-thumbnail","hentry"],"acf":[],"_links":{"self":[{"href":"https:\/\/hotelaranjeira.com\/fr\/wp-json\/wp\/v2\/quartos\/34","targetHints":{"allow":["GET"]}}],"collection":[{"href":"https:\/\/hotelaranjeira.com\/fr\/wp-json\/wp\/v2\/quartos"}],"about":[{"href":"https:\/\/hotelaranjeira.com\/fr\/wp-json\/wp\/v2\/types\/quartos"}],"author":[{"embeddable":true,"href":"https:\/\/hotelaranjeira.com\/fr\/wp-json\/wp\/v2\/users\/1"}],"version-history":[{"count":4,"href":"https:\/\/hotelaranjeira.com\/fr\/wp-json\/wp\/v2\/quartos\/34\/revisions"}],"predecessor-version":[{"id":473,"href":"https:\/\/hotelaranjeira.com\/fr\/wp-json\/wp\/v2\/quartos\/34\/revisions\/473"}],"wp:featuredmedia":[{"embeddable":true,"href":"https:\/\/hotelaranjeira.com\/fr\/wp-json\/wp\/v2\/media\/468"}],"wp:attachment":[{"href":"https:\/\/hotelaranjeira.com\/fr\/wp-json\/wp\/v2\/media?parent=34"}],"curies":[{"name":"wp","href":"https:\/\/api.w.org\/{rel}","templated":true}]}}