
{"id":3,"date":"2024-11-16T16:02:39","date_gmt":"2024-11-16T16:02:39","guid":{"rendered":"https:\/\/hotelaranjeira.com\/?page_id=3"},"modified":"2025-01-25T00:13:58","modified_gmt":"2025-01-25T00:13:58","slug":"politica-de-privacidade","status":"publish","type":"page","link":"https:\/\/hotelaranjeira.com\/en\/politica-de-privacidade\/","title":{"rendered":"Data Protection and Privacy Policy"},"content":{"rendered":"<div class=\"gb-container gb-container-3af96345 gpc-policies__content\">\n<div class=\"gb-container gb-container-618e938e gpc-content-section\">\n\n<h2 class=\"wp-block-heading\">Introdu\u00e7\u00e3o<\/h2>\n\n\n\n<p>A pol\u00edtica de privacidade abaixo descrita oferece-lhe uma perspetiva geral da forma como a Laranjeira &amp; Filhos, Lda trata os seus dados pessoais e dos seus direitos nesta mat\u00e9ria, de acordo com o disposto no Regulamento (EU) 2016\/679 do Parlamento Europeu e do Conselho &#8211; Regulamento Geral sobre a Prote\u00e7\u00e3o de Dados (\u201cRGPD\u201d) e restante legisla\u00e7\u00e3o aplic\u00e1vel em mat\u00e9ria de privacidade e prote\u00e7\u00e3o de dados. Os dados pessoais espec\u00edficos que ser\u00e3o tratados e a forma como v\u00e3o ser utilizados dependem em grande medida dos servi\u00e7os por si solicitados e consigo acordados.<br>A presente pol\u00edtica de privacidade aplica-se aos dados pessoais dos nossos Utilizadores dos nossos Sites, Clientes, Fornecedores e Candidatos, sempre que estes sejam pessoas singulares.<br>Cada vez que utiliza o Site est\u00e1 sujeito \u00e0 aplica\u00e7\u00e3o da Politica de Privacidade e de Cookies vigente em cada momento, pelo que sugerimos que leia atentamente as referidas Pol\u00edticas, para verificar se est\u00e1 de acordo com os respetivos termos.<br>Ocasionalmente, poderemos alterar a presente Pol\u00edtica de Privacidade. Se pretender manter-se atualizado, visite esta p\u00e1gina, dado que todas as altera\u00e7\u00f5es ser\u00e3o publicadas aqui.<br>Para efeitos da legisla\u00e7\u00e3o aplic\u00e1vel em mat\u00e9ria de prote\u00e7\u00e3o dos dados, a empresa respons\u00e1vel pelo tratamento dos seus dados pessoais \u00e9 a Laranjeira &amp; Filhos, Lda, doravante designada \u201cHotel Laranjeira\u201d.<br>Os websites do Hotel Laranjeira poder\u00e3o conter, ocasionalmente, liga\u00e7\u00f5es, banners ou outras liga\u00e7\u00f5es de hipertexto para websites e servi\u00e7os de outras sociedades, que t\u00eam as suas pr\u00f3prias pol\u00edticas de privacidade, e\/ou servi\u00e7os prestados por terceiros instalados no seu dispositivo podem permitir o acesso a informa\u00e7\u00e3o constante do mesmo. Recomendamos aos nossos Utilizadores do Site que leiam atentamente as pol\u00edticas de privacidade de tais terceiros antes de submeter quaisquer dados pessoais a esses websites. o Hotel Laranjeira n\u00e3o tem qualquer controlo sobre o conte\u00fado desses s\u00edtios webs, pelo que n\u00e3o \u00e9 respons\u00e1vel pelo conte\u00fado das pol\u00edticas de privacidade desses terceiros nem pelo tratamento que dos seus dados pessoais \u00e9 feito pelos mesmos.<\/p>\n\n\n\n<h3 class=\"wp-block-heading\">Gloss\u00e1rio<\/h3>\n\n\n\n<ul class=\"wp-block-list\">\n<li><strong>Apagar-<\/strong>&nbsp;apagaremos permanentemente os seus dados pessoais assim que o per\u00edodo de conserva\u00e7\u00e3o terminar ou quando recebermos um pedido v\u00e1lido seu para o fazer e desde que n\u00e3o existam interesses leg\u00edtimos que justifiquem a conserva\u00e7\u00e3o dos seus dados pessoais.<\/li>\n\n\n\n<li><strong>Candidatos &#8211;<\/strong>&nbsp;inclui candidatos para todas as fun\u00e7\u00f5es anunciadas ou promovidas pelo Hotel Laranjeira, incluindo fun\u00e7\u00f5es permanentes, a tempo parcial e tempor\u00e1rias e fun\u00e7\u00f5es em regime de trabalho independente ao Hotel Laranjeira; bem como pessoas que apresentaram um curr\u00edculo espont\u00e2neo ao Hotel Laranjeira n\u00e3o relacionado com uma oferta de emprego espec\u00edfica. Contratantes individuais, trabalhadores por conta pr\u00f3pria e colaboradores de fornecedores ou outros terceiros que se candidatem a fun\u00e7\u00f5es no Hotel Laranjeira ser\u00e3o tratados como candidatos para efeitos da presente Pol\u00edtica de Privacidade.<\/li>\n\n\n\n<li><strong>Dados pessoais:<\/strong>&nbsp;qualquer informa\u00e7\u00e3o relativa a uma pessoa singular que a possa identificar diretamente ou que a torne identific\u00e1vel, direta ou indiretamente, em especial por refer\u00eancia a um identificador.<\/li>\n\n\n\n<li><strong>Clientes &#8211;<\/strong>&nbsp;clientes e outros a quem o Hotel Laranjeira presta servi\u00e7os ou fornece bens no decurso da sua atividade.<\/li>\n\n\n\n<li><strong>Fornecedores &#8211;&nbsp;<\/strong>refere-se a parceiros, consultores, comerciantes (incluindo comerciantes individuais) e trabalhadores independentes ou qualquer outra entidade que forne\u00e7a bens ou preste servi\u00e7os ao Hotel Laranjeira. Em algumas circunst\u00e2ncias, o Hotel Laranjeira subcontratar\u00e1 os servi\u00e7os que presta aos Clientes a fornecedores terceiros que realizam os servi\u00e7os em nome do Hotel Laranjeira, os quais ficam igualmente abrangidos por esta defini\u00e7\u00e3o e pela presente Pol\u00edtica De Privacidade.<\/li>\n\n\n\n<li><strong>Pessoal &#8211;&nbsp;<\/strong>inclui trabalhadores dependentes, bem como estagi\u00e1rios envolvidos diretamente na atividade do Hotel Laranjeira.<\/li>\n\n\n\n<li><strong>Regulamento Geral de Prote\u00e7\u00e3o de Dados (RGPD) &#8211;&nbsp;<\/strong>um instrumento legal da Uni\u00e3o Europeia que visa harmonizar as legisla\u00e7\u00f5es europeias em mat\u00e9ria de prote\u00e7\u00e3o de dados. Tem data de aplica\u00e7\u00e3o efetiva em 25 de maio de 2018 e quaisquer refer\u00eancias ao mesmo devem ser interpretadas em conformidade para incluir qualquer legisla\u00e7\u00e3o que o altere, concretize ou vise a sua implementa\u00e7\u00e3o.<\/li>\n\n\n\n<li><strong>Hotel Laranjeira &#8211;<\/strong>&nbsp;sempre que falamos no Hotel Laranjeira, referimo-nos \u00e0 entidade respons\u00e1vel pelo tratamento dos dados pessoais dos \u201cUtilizadores do Site\u201d, respons\u00e1veis pelo tratamento dos dados pessoais dos Clientes, Fornecedores, Candidatos e contactos de emerg\u00eancia do Pessoal. Neste caso a contraparte associada ao acordo relevante, ser\u00e1:<\/li>\n\n\n\n<li>Laranjeira &amp; Filhos, Lda \u2013 NIPC 502 272 414. Sede: Rua C\u00e2ndido dos Reis, 45 | 4900-082 Viana do Castelo<\/li>\n\n\n\n<li><strong>Utilizadores do Site &#8211;<\/strong>&nbsp;qualquer pessoa que aceda ao site do Hotel Laranjeira ou das marcas comercializadas e geridas pelo mesmo:<\/li>\n\n\n\n<li><a href=\"https:\/\/www.hotelaranjeira.com\/\">www.hotelaranjeira.com<\/a><\/li>\n<\/ul>\n\n\n\n<h3 class=\"wp-block-heading\">Que tipo de informa\u00e7\u00f5es pessoais recolhemos?<\/h3>\n\n\n\n<p>O Hotel Laranjeira recolhe diversos tipos de dados pessoais em fun\u00e7\u00e3o das diferentes finalidades, conforme se explicitar\u00e1 infra. Em todo o caso, salientamos que n\u00e3o recolhemos intencionalmente informa\u00e7\u00e3o pessoal de menores de 18 anos. Se detetarmos que recolhemos, de forma involunt\u00e1ria, informa\u00e7\u00e3o pessoal de menores de 18 anos, tomaremos as medidas necess\u00e1rias para eliminar a informa\u00e7\u00e3o o mais rapidamente poss\u00edvel, exceto se formos obrigados pela legisla\u00e7\u00e3o aplic\u00e1vel a conserv\u00e1-la.<\/p>\n\n\n\n<ul class=\"wp-block-list\">\n<li><strong>Dados do Cliente:<\/strong>&nbsp;Apenas recolhemos os dados necess\u00e1rios \u00e0 prepara\u00e7\u00e3o, cumprimento e execu\u00e7\u00e3o de qualquer contrato celebrado entre o Cliente e o Hotel Laranjeira, bem como para responder a quaisquer reclama\u00e7\u00f5es posteriores relativas ao mesmo. Normalmente, precisamos apenas de ter os seus dados de contacto (tais como nome, n\u00famero de telefone, endere\u00e7o de e-mail, morada e c\u00f3digo postal), para nos permitir assegurar que a nossa rela\u00e7\u00e3o se desenrola sem problemas. Tamb\u00e9m possu\u00edmos informa\u00e7\u00e3o relacionada com o seu envolvimento online, que utilizamos para assegurar que as comunica\u00e7\u00f5es de marketing que lhe dirigimos s\u00e3o relevantes e oportunas, conforme consentimento que nos deu. Poderemos tamb\u00e9m possuir imagens de sistemas CCTV, caso se desloque \u00e0s nossas instala\u00e7\u00f5es e informa\u00e7\u00e3o que, diretamente ou por interm\u00e9dio de algu\u00e9m da sua empresa, tenha decido partilhar connosco (avalia\u00e7\u00e3o dos nossos servi\u00e7os e produtos, alergias, condi\u00e7\u00f5es f\u00edsicas e de sa\u00fade e restri\u00e7\u00f5es alimentares). Se, por qualquer motivo, necessitarmos de quaisquer dados pessoais suplementares, ser\u00e1 informado.<\/li>\n\n\n\n<li><strong>Dados do Fornecedor:<\/strong>&nbsp;Apenas recolhemos os dados necess\u00e1rios \u00e0 prepara\u00e7\u00e3o, cumprimento e execu\u00e7\u00e3o de qualquer contrato celebrado entre o Fornecedor e o Hotel Laranjeira, bem como para responder e gerir quaisquer reclama\u00e7\u00f5es relacionadas com os mesmos. Recolheremos os dados das pessoas de contacto, incluindo os da sua empresa, tais como nomes, n\u00fameros de telefone e endere\u00e7os de e-mail. Tamb\u00e9m recolheremos dados banc\u00e1rios, para que possamos pagar-lhe. Poderemos tamb\u00e9m possuir informa\u00e7\u00e3o que diretamente ou por interm\u00e9dio de algu\u00e9m da sua empresa, tenha decido partilhar connosco, e imagens de sistemas CCTV, caso se desloque \u00e0s nossas instala\u00e7\u00f5es.<\/li>\n\n\n\n<li><strong>Utilizadores do Site:<\/strong>&nbsp;Apenas recolhemos os dados necess\u00e1rios para garantir uma boa experi\u00eancia na utiliza\u00e7\u00e3o do Site e para permitir que possa usufruir de todas as potencialidades e faculdades proporcionadas pelo mesmo, bem como, para nos ajudar a gerir os servi\u00e7os que prestamos. Tal inclui informa\u00e7\u00f5es como a forma como utiliza o nosso site, a frequ\u00eancia com a qual acede ao mesmo, o seu tipo de navegador, o seu endere\u00e7o de IP, a localiza\u00e7\u00e3o a partir da qual consulta o nosso site, a l\u00edngua que escolhe para o visualizar e as horas em que o nosso site \u00e9 mais popular, bem como outras informa\u00e7\u00f5es melhor descritas na nossa pol\u00edtica de cookies infra. Se nos contactar atrav\u00e9s do site, recolheremos qualquer informa\u00e7\u00e3o que nos forne\u00e7a como, por exemplo, o seu nome e dados de contacto.<\/li>\n\n\n\n<li><strong>Dados do Candidato:<\/strong>&nbsp;Dependendo das circunst\u00e2ncias relevantes e das leis e requisitos locais aplic\u00e1veis, poderemos recolher a totalidade ou parte das informa\u00e7\u00f5es listadas a seguir:<\/li>\n<\/ul>\n\n\n\n<ul class=\"wp-block-list\">\n<li>&#8211; Dados identificativos: tais como o nome, e dados de contacto (telefone e e-mail), Estatuto de imigra\u00e7\u00e3o (no caso de necessitar de uma autoriza\u00e7\u00e3o de trabalho), uma fotografia sua.<\/li>\n\n\n\n<li>&#8211; Situa\u00e7\u00e3o e atividade profissional, tais como dados sobre educa\u00e7\u00e3o; hist\u00f3rico de emprego; atual remunera\u00e7\u00e3o, pens\u00f5es e disposi\u00e7\u00f5es relacionadas com benef\u00edcios, se a mesma for necess\u00e1ria \u00e0 vaga \u00e0 qual se pretende candidatar<\/li>\n\n\n\n<li>&#8211; Informa\u00e7\u00e3o suplementar que opte por partilhar connosco, designadamente na sua carta de apresenta\u00e7\u00e3o, curriculum vitae ou nas entrevistas;<\/li>\n\n\n\n<li>&#8211; Informa\u00e7\u00e3o suplementar que os nossos Clientes poder\u00e3o partilhar sobre si ou que descobrimos a partir de outras fontes de terceiros (vulgo, refer\u00eancias);<\/li>\n\n\n\n<li>&#8211; Endere\u00e7o de IP; as datas, horas e frequ\u00eancia com que acede aos nossos servi\u00e7os e\/ou site; e<\/li>\n\n\n\n<li>&#8211; Imagens de sistemas CCTV, caso se desloque \u00e0s nossas instala\u00e7\u00f5es.<\/li>\n\n\n\n<li>Tenha em aten\u00e7\u00e3o que a lista acima de categorias de dados pessoais que poderemos recolher n\u00e3o \u00e9 exaustiva.<\/li>\n\n\n\n<li>Adicionalmente ao j\u00e1 referido, o registo atrav\u00e9s das redes sociais (implica o uso das suas credenciais das redes sociais tais como a sua informa\u00e7\u00e3o de inicio de sess\u00e3o como usu\u00e1rio de Facebook, Instagram e Google + para criar a sua conto Hotel Laranjeira e iniciar a sess\u00e3o com ela) tamb\u00e9m nos permite recolher dados pessoais: quando utiliza a op\u00e7\u00e3o de in\u00edcio de sess\u00e3o atrav\u00e9s das redes sociais, o Hotel Laranjeira limitar-se-\u00e1 a utilizar a informa\u00e7\u00e3o p\u00fablica do perfil que seja necess\u00e1ria para a cria\u00e7\u00e3o da sua conto Hotel Laranjeira. O Hotel Laranjeira n\u00e3o tratar\u00e1 qualquer informa\u00e7\u00e3o irrelevante para esta finalidade que receba a partir das redes sociais. Uma vez criada a conta, o utilizador ter\u00e1 a oportunidade de complet\u00e1-la com qualquer informa\u00e7\u00e3o que deseje partilhar connosco e que permitir\u00e1 melhorar a experi\u00eancia quando interage connosco. Qualquer informa\u00e7\u00e3o adicional que nos forne\u00e7a apenas ser\u00e1 utilizada para as finalidades que se referem na presente pol\u00edtica de privacidade.<\/li>\n<\/ul>\n\n\n\n<h3 class=\"wp-block-heading\">Tenho obriga\u00e7\u00e3o de fornecer os meus dados?<\/h3>\n\n\n\n<p>No \u00e2mbito da nossa rela\u00e7\u00e3o comercial ou laboral, ter\u00e1 de fornecer os dados pessoais necess\u00e1rios para estabelecer e criar essa rela\u00e7\u00e3o e para cumprimento das obriga\u00e7\u00f5es e dilig\u00eancias pr\u00e9-contratuais e contratuais derivadas e ainda os que somos legalmente obrigados a recolher. Sem estes dados, teremos, regra geral, de recusar a celebra\u00e7\u00e3o ou a execu\u00e7\u00e3o do contrato ou n\u00e3o poderemos manter o contrato, tendo de o resolver.<br>Caso n\u00e3o nos disponibilize as informa\u00e7\u00f5es e a documenta\u00e7\u00e3o necess\u00e1rias, n\u00e3o poderemos estabelecer ou continuar a rela\u00e7\u00e3o comercial ou laboral por si pretendida, ou dar seguimento aos pedidos que nos dirija.<\/p>\n\n\n\n<h3 class=\"wp-block-heading\">Como recolhemos os seus dados pessoais?<\/h3>\n\n\n\n<p>Podemos recolher dados pessoais de v\u00e1rias formas:<\/p>\n\n\n\n<p>Dados pessoais que recebemos diretamente de si, caso nos contacte de forma proactiva, normalmente por telefone ou e-mail; e\/ou caso o contactemos por telefone ou por e-mail ou atrav\u00e9s das atividades de desenvolvimento comercial de um modo mais geral.<\/p>\n\n\n\n<p>Existem diversas formas de partilhar as suas informa\u00e7\u00f5es connosco. Tudo depende daquilo que se adequa a si. Estas poder\u00e3o incluir:<\/p>\n\n\n\n<ul class=\"wp-block-list\">\n<li>&#8211; Introduzir os seus dados no Site do Hotel Laranjeira atrav\u00e9s do formul\u00e1rio enquanto parte do processo de registo; ou<\/li>\n\n\n\n<li>&#8211; Enviar o seu curr\u00edculo por e-mail ou deixar uma c\u00f3pia do curr\u00edculo em papel;<\/li>\n\n\n\n<li>&#8211; Participar num concurso atrav\u00e9s de um canal de uma rede social, como o Facebook ou Twitter, Instagram, Pinterest ou outra;<\/li>\n\n\n\n<li>&#8211; Inscri\u00e7\u00e3o na nossa newsletter ou em algum dos nossos eventos;<\/li>\n<\/ul>\n\n\n\n<p>Dados pessoais que recebemos de outras fontes, normalmente atrav\u00e9s da devida dilig\u00eancia comercial ou outras informa\u00e7\u00f5es do mercado, incluindo listas de participantes em eventos relevantes. Tamb\u00e9m recebemos dados pessoais de outras fontes, por exemplo se fizer um &#8216;gosto&#8217; na nossa p\u00e1gina de Facebook ou &#8216;seguir-nos&#8217; no Twitter ou Instagram, receberemos informa\u00e7\u00f5es pessoais desses sites.<\/p>\n\n\n\n<p>Na medida em que acede ao nosso Site ou l\u00ea ou clica num e-mail da nossa parte, quando apropriado e em conformidade com as leis e requisitos locais, podemos tamb\u00e9m recolher os seus dados atrav\u00e9s de si ou automaticamente. Quando visita o nosso Site existem certas informa\u00e7\u00f5es que poderemos recolher automaticamente, quer decida utilizar ou n\u00e3o os nossos servi\u00e7os. Tal inclui o seu endere\u00e7o IP, a data, horas e frequ\u00eancia com que acede ao nosso site e a forma como navega o respetivo conte\u00fado, tudo conforme previsto na pol\u00edtica de cookies infra. Tamb\u00e9m recolheremos dados seus quando nos contacta atrav\u00e9s do Site.<\/p>\n\n\n\n<p>Recolhemos os seus dados automaticamente atrav\u00e9s de cookies, em conformidade com as defini\u00e7\u00f5es de cookies do seu navegador. Se tamb\u00e9m for um Candidato ou Cliente do Hotel Laranjeira, poderemos utilizar dados da sua utiliza\u00e7\u00e3o dos nossos Sites para melhorar outros aspetos das nossas comunica\u00e7\u00f5es consigo ou dos servi\u00e7os que lhe prestamos.<\/p>\n\n\n\n<h3 class=\"wp-block-heading\">Por que raz\u00e3o tratamos os seus dados (finalidade do tratamento) e com que fundamento legal?<\/h3>\n\n\n\n<p><strong>Fornecimento de produtos e servi\u00e7os:<\/strong><br>O Hotel Laranjeira poder\u00e1 usar os seus dados pessoais quando tal seja necess\u00e1rio para executar o contrato celebrado entre si e o Hotel Laranjeira, bem como para identific\u00e1-lo. Poderemos igualmente utilizar os seus Dados Pessoais para prevenir e investigar poss\u00edveis utiliza\u00e7\u00f5es incorretas dos mesmos.<\/p>\n\n\n\n<p><strong>Atividades de Marketing<\/strong><br>Poderemos, periodicamente, enviar-lhe informa\u00e7\u00e3o que consideramos ser do seu interesse. Em especial, poderemos utilizar os seus dados para as finalidades listadas abaixo, quando apropriado, a saber:<\/p>\n\n\n\n<ul class=\"wp-block-list\">\n<li>&#8211; permitir-nos desenvolver a\u00e7\u00f5es comerciais ou de marketing, nomeadamente para promover a\u00e7\u00f5es de divulga\u00e7\u00e3o de novas funcionalidades ou novos produtos e servi\u00e7os;<\/li>\n\n\n\n<li>&#8211; enviar-lhe dados de relat\u00f3rios, promo\u00e7\u00f5es, ofertas, eventos e estabelecimento de contactos;<\/li>\n\n\n\n<li>&#8211; prestar-lhe informa\u00e7\u00e3o sobre certos descontos e ofertas a que tem direito devido \u00e0 sua rela\u00e7\u00e3o com o Laranjeira;<\/li>\n\n\n\n<li>&#8211; permitir-nos o envio de newsletters, que poder\u00e3o conter informa\u00e7\u00f5es relativas a campanhas promocionais, informa\u00e7\u00e3o sobre eventos, descontos, promo\u00e7\u00f5es e ofertas, convites, lembretes relativos \u00e0s suas reservas, a\u00e7\u00f5es de divulga\u00e7\u00e3o de novas funcionalidades, novos produtos ou servi\u00e7os e para o envio de informa\u00e7\u00f5es sobre participa\u00e7\u00e3o em concursos e sorteios, em conformidade com as prefer\u00eancias tem\u00e1ticas que nos tenha indicado, por email;<\/li>\n\n\n\n<li>&#8211; prestar-lhe informa\u00e7\u00e3o sobre ofertas personalizadas e exclusivas de produtos e servi\u00e7os identificados com base nas suas prefer\u00eancias pessoais e comportamentos, bem como a partir da utiliza\u00e7\u00e3o de produtos, servi\u00e7os e navega\u00e7\u00e3o nos sites.<\/li>\n<\/ul>\n\n\n\n<p>Quando nos tenha facultado as suas coordenadas eletr\u00f3nicas de contacto no contexto da venda de um produto ou servi\u00e7o, poderemos utiliz\u00e1-las para fins de marketing dos nossos pr\u00f3prios produtos e servi\u00e7os ou de produtos e servi\u00e7os an\u00e1logos. Pode, no entanto, de forma gratuita, caso n\u00e3o concorde com a nossa abordagem de marketing, recusar o envio dessas comunica\u00e7\u00f5es quer aquando da respetiva recolha, quer por ocasi\u00e3o de cada mensagem se autoexclua. Relativamente ao envio de qualquer outro tipo de comunica\u00e7\u00e3o eletr\u00f3nica, solicitaremos previamente o seu consentimento pr\u00e9vio e expresso. Necessitamos do seu consentimento para alguns aspetos destas atividades que n\u00e3o s\u00e3o abrangidas pelos nossos interesses leg\u00edtimos (em especial, a recolha de dados atrav\u00e9s de cookies e o fornecimento de marketing direto a si atrav\u00e9s de canais digitais).<\/p>\n\n\n\n<p>Se n\u00e3o concordar com a nossa abordagem de marketing, tem o direito de retirar o seu consentimento em qualquer altura. Todo o nosso marketing baseia-se naquilo que pensamos que ir\u00e1 servir melhor os nossos Clientes e Candidatos, mas estamos conscientes de que n\u00e3o vamos acertar sempre. Poderemos utilizar os seus dados para lhe apresentar an\u00fancios do Hotel Laranjeira e outro conte\u00fado noutros sites como, por exemplo, Facebook. Se pretender que n\u00e3o utilizemos os seus dados desta forma, desative a op\u00e7\u00e3o &#8216;Cookies Publicit\u00e1rios&#8217; (consulte a nossa Pol\u00edtica de Cookies).<\/p>\n\n\n\n<ul class=\"wp-block-list\">\n<li><strong>Outras finalidades<\/strong><\/li>\n\n\n\n<li>&#8211; Para armazenar (e atualizar quando necess\u00e1rio) as suas informa\u00e7\u00f5es na nossa base de dados, para que possamos contact\u00e1-lo em rela\u00e7\u00e3o aos contratos que pretende celebrar\/celebrou connosco;<\/li>\n\n\n\n<li>&#8211; Para lhe oferecer servi\u00e7os ou para obter apoio e servi\u00e7os da sua parte;<\/li>\n\n\n\n<li>&#8211; Para cumprir determinadas obriga\u00e7\u00f5es legais;<\/li>\n\n\n\n<li>&#8211; Para nos ajudar a direcionar campanhas de marketing apropriadas, podendo o Hotel Laranjeira adotar decis\u00f5es automatizadas, incluindo defini\u00e7\u00e3o de perfis;<\/li>\n\n\n\n<li>&#8211; Em circunst\u00e2ncias raras, para nos ajudar \u00e0 declara\u00e7\u00e3o, ao exerc\u00edcio ou \u00e0 defesa de um direito e<\/li>\n\n\n\n<li>&#8211; Para defesa dos interesses vitais do titular dos dados.<\/li>\n\n\n\n<li>Poderemos ainda utilizar os seus dados pessoais, caso consideremos necess\u00e1rio faz\u00ea-lo para a defesa dos nossos leg\u00edtimos interesses.<\/li>\n<\/ul>\n\n\n\n<p><strong>Desenvolvimento dos produtos e servi\u00e7os<\/strong><br>O Hotel Laranjeira poder\u00e1 usar os seus dados pessoais para o desenvolvimento dos seus produtos e servi\u00e7os. Contudo, usaremos predominantemente dados agregados e informa\u00e7\u00e3o estat\u00edstica para tal prop\u00f3sito. o Hotel Laranjeira mant\u00e9m registo das p\u00e1ginas que os nossos clientes visitam dentro do website para determinar quais os servi\u00e7os\/produtos mais solicitados. Neste caso, s\u00e3o recolhidas informa\u00e7\u00f5es relativas ao computador ou dispositivo (incluindo dispositivos m\u00f3veis) que utiliza para aceder ao mesmo, nomeadamente o seu endere\u00e7o de IP, o website atrav\u00e9s do qual acedeu ao nosso, o tipo e idioma do seu navegador, sistema operativo, cookies, o pa\u00eds do qual est\u00e1 a aceder, p\u00e1ginas de refer\u00eancia e sa\u00edda, URL, tipo de plataforma, o n\u00famero de clicks realizados, nomes de dom\u00ednio, p\u00e1ginas de destino, p\u00e1ginas visitadas e ordem em que as visitou, o tempo despendido numa determinada p\u00e1gina, a data e hora em que acedeu ao nosso website, erros de acesso e outras informa\u00e7\u00f5es semelhantes que o seu navegador nos envie.<\/p>\n\n\n\n<p><strong>Comunica\u00e7\u00e3o<\/strong><br>O Hotel Laranjeira poder\u00e1 utilizar os seus dados pessoais para comunicar consigo, nomeadamente, para lhe enviar not\u00edcias relacionadas com os nossos produtos ou servi\u00e7os, ou para lhe prestar assist\u00eancia em aspetos relacionados com apoio ao cliente, nomeadamente para responder e tratar os pedidos do utilizador atrav\u00e9s dos canais de servi\u00e7o ao cliente, bem como a monitoriza\u00e7\u00e3o da qualidade do nosso servi\u00e7o. Neste caso s\u00e3o recolhidos o seu nome completo, endere\u00e7o de correio eletr\u00f3nico e n\u00famero de telefone.<\/p>\n\n\n\n<p>A subscri\u00e7\u00e3o da Newsletter Hotel Laranjeira pode implicar a utiliza\u00e7\u00e3o de dados pessoais de forma a proceder a uma publicita\u00e7\u00e3o personalizada dos nossos produtos e servi\u00e7os dispon\u00edveis ao utilizador atrav\u00e9s de correio eletr\u00f3nico, notifica\u00e7\u00f5es push atrav\u00e9s de qualquer outro meio eletr\u00f3nico ou de terceiros.<\/p>\n\n\n\n<p>Pode cancelar o registo da Newsletter a qualquer momento seguindo a informa\u00e7\u00e3o que disponibilizamos em cada comunica\u00e7\u00e3o.<\/p>\n\n\n\n<p>O Hotel Laranjeira poder\u00e1 utilizar dados que tenham sido identificados com base nas suas prefer\u00eancias pessoais e comportamentais, que recolhemos a partir das suas intera\u00e7\u00f5es connosco, seja atrav\u00e9s do Site, aplica\u00e7\u00e3o, linha de apoio, bem como a partir da utiliza\u00e7\u00e3o de produtos, para lhe enviar ofertas personalizadas.<\/p>\n\n\n\n<p>Neste caso, ser\u00e3o recolhidos os seguintes dados pessoais: g\u00e9nero e prefer\u00eancias por servi\u00e7os ou produtos.<\/p>\n\n\n\n<ul class=\"wp-block-list\">\n<li>O tratamento de dados com a finalidade de elaborar perfis e estudos de mercado baseia-se tamb\u00e9m no interesse leg\u00edtimo do Hotel Laranjeira. Para esse fim, o Hotel Laranjeira considerou os interesses e direitos dos interessados, e as medidas adotadas pelo respons\u00e1vel para cumprir as suas obriga\u00e7\u00f5es gerais em termos de proporcionalidade e transpar\u00eancia, tendo conclu\u00eddo que:<\/li>\n\n\n\n<li>a) o impacto sobre os direitos fundamentais e liberdades e garantias das pessoas \u00e9 reduzido;<\/li>\n\n\n\n<li>b) o referido tratamento pode ser previsto de forma razo\u00e1vel por parte do interessado;<\/li>\n\n\n\n<li>c) o tratamento dos dados com as finalidades anteriores, n\u00e3o d\u00e1 lugar \u00e0 exclus\u00e3o, descrimina\u00e7\u00e3o, difama\u00e7\u00e3o ou situa\u00e7\u00f5es que ponham em risco a reputa\u00e7\u00e3o do titular e\/ou o poder de negocia\u00e7\u00e3o.<\/li>\n<\/ul>\n\n\n\n<p>Caso considere que o referido tratamento possa gerar algum tipo de repercuss\u00e3o emocional, pode exercer o direito de acesso e\/ou oposi\u00e7\u00e3o, assim como excluir-se voluntariamente sem necessidade de justifica\u00e7\u00e3o.<\/p>\n\n\n\n<p>Informamos-lhe que pode limitar esta finalidade exercendo o direito de oposi\u00e7\u00e3o escrevendo um e-mail para qualquer um dos contactos indicados em \u201cComo nos pode contactar\u201d.<\/p>\n\n\n\n<p><strong>Melhoramento do servi\u00e7o disponibilizado ao utilizador<\/strong><br>Os seus Dados Pessoais relacionados com as suas compras em lojas f\u00edsicas ou online, gostos e prefer\u00eancias podem ser usados para efeitos de an\u00e1lise, cria\u00e7\u00e3o de perfis de utilizador, estudos de mercado, inqu\u00e9ritos de qualidade e melhoria da nossa intera\u00e7\u00e3o com o cliente.<\/p>\n\n\n\n<p><strong>Atividades de Recrutamento<\/strong><br>Para preenchimento de vagas, podemos desenvolver internamente atividades de recrutamento. List\u00e1mos abaixo v\u00e1rias formas nas quais podemos utilizar e processar os seus dados pessoais para esta finalidade:<\/p>\n\n\n\n<ul class=\"wp-block-list\">\n<li>&#8211; Recolher os seus dados atrav\u00e9s de si ou de outras fontes, como o LinkedIn;<\/li>\n\n\n\n<li>&#8211; Armazenar os seus dados (e atualiz\u00e1-los quando necess\u00e1rio) na nossa base de dados, para que possamos contact\u00e1-lo em rela\u00e7\u00e3o ao recrutamento;<\/li>\n\n\n\n<li>&#8211; Avaliar dados sobre si em rela\u00e7\u00e3o \u00e0s vagas que pensamos ser adequadas para si;<\/li>\n\n\n\n<li>&#8211; Permitir-lhe enviar o seu curr\u00edculo, candidatar-se em linha a ofertas de emprego ou subscrever alertas sobre ofertas de emprego que pensamos ser do seu interesse;<\/li>\n\n\n\n<li>&#8211; Cumprir as nossas obriga\u00e7\u00f5es decorrentes de quaisquer contratos celebrados entre n\u00f3s;<\/li>\n\n\n\n<li>&#8211; Cumprir as nossas obriga\u00e7\u00f5es decorrentes de quaisquer contratos celebrados entre o Hotel Laranjeira e terceiros relativos ao seu recrutamento;<\/li>\n\n\n\n<li>&#8211; Agilizar os nossos processos de tratamento de pagamento de remunera\u00e7\u00f5es e fatura\u00e7\u00e3o;<\/li>\n\n\n\n<li>&#8211; Verificar os dados que forneceu, utilizando recursos de terceiros (tais como avalia\u00e7\u00f5es psicom\u00e9tricas ou testes de compet\u00eancias) ou para pedir informa\u00e7\u00e3o (tais como refer\u00eancias, na medida em que tal seja apropriado nos termos da legisla\u00e7\u00e3o aplic\u00e1vel e nos tenha facultado os dados dos contactos de refer\u00eancia e obtido previamente a autoriza\u00e7\u00e3o dos mesmos para a transmiss\u00e3o dos seus dados pessoais, bem como nos autorize a contact\u00e1-los); e<\/li>\n\n\n\n<li>&#8211; Cumprir as nossas obriga\u00e7\u00f5es legais, incluindo designadamente quanto \u00e0 dete\u00e7\u00e3o de crime ou \u00e0 cobran\u00e7a de impostos ou direitos.<\/li>\n<\/ul>\n\n\n\n<p>Tratamos os dados pessoais anteriormente enunciados de acordo com o disposto no RGDP e restante legisla\u00e7\u00e3o aplic\u00e1vel neste \u00e2mbito, fundando-se o tratamento, no essencial, em dilig\u00eancias pr\u00e9-contratuais e execu\u00e7\u00e3o de contrato, no cumprimento de uma obriga\u00e7\u00e3o jur\u00eddica ou para satisfa\u00e7\u00e3o de interesses leg\u00edtimos prosseguidos pelo Hotel Laranjeira ou prote\u00e7\u00e3o de interesse vital do titular dos dados. Ou seja, utilizamos e processamos os seus dados pessoais para gest\u00e3o e execu\u00e7\u00e3o de contratos ou outras dilig\u00eancias solicitadas pelo titular dos dados (Art. 6.\u00ba n.\u00ba.1 al\u00ednea b) RGDP); no \u00e2mbito de um interesse leg\u00edtimo (Art. 6.\u00ba n.\u00ba1 al\u00ednea f) RGDP); com base no seu consentimento (Art. 6.\u00ba n.\u00ba 1 al\u00ednea a) RGDP) e por imperativo legal ou em benef\u00edcio do interesse p\u00fablico (Art. 6.\u00ba n.\u00ba 1 al\u00ednea c) e e) RGDP).<\/p>\n\n\n\n<h3 class=\"wp-block-heading\">Com quem partilhamos os seus dados pessoais?<\/h3>\n\n\n\n<ul class=\"wp-block-list\">\n<li>Quando apropriado e em conformidade com as leis e requisitos locais, poderemos partilhar os seus dados pessoais de v\u00e1rias formas e por v\u00e1rias raz\u00f5es com as seguintes categorias de pessoas:<\/li>\n\n\n\n<li>&#8211; No decurso de uma investiga\u00e7\u00e3o, den\u00fancia ou procedimento, \u00e0s Autoridades fiscais, de auditoria, \u00e0 Administra\u00e7\u00e3o, aos Organismos P\u00fablicos, ao Tribunal, Servi\u00e7os de Estrangeiros e Fronteiras (\u201cSEF\u201d) e \u00e0s For\u00e7as de Seguran\u00e7a, que estejam respons\u00e1veis pelo assunto e, internamente, \u00e0s \u00e1reas ou departamentos do Grupo Hotel Laranjeira que colaborem na recolha de informa\u00e7\u00e3o e comunica\u00e7\u00e3o dos factos \u00e0 autoridade competente;<\/li>\n\n\n\n<li>&#8211; Terceiros prestadores de servi\u00e7os que desempenham fun\u00e7\u00f5es em nosso nome (incluindo consultores externos, parceiros de neg\u00f3cios e conselheiros profissionais como advogados, auditores e contabilistas, empresas de recrutamento, fun\u00e7\u00f5es de apoio t\u00e9cnico e consultores inform\u00e1ticos que realizam testes e trabalho de desenvolvimento nos sistemas de tecnologia da nossa empresa);<\/li>\n\n\n\n<li>&#8211; Terceiros prestadores de servi\u00e7os inform\u00e1ticos e de armazenamento de documentos externalizados, nos casos em que disponhamos de um contrato de tratamento apropriado (ou prote\u00e7\u00f5es similares);<\/li>\n\n\n\n<li>&#8211; Plataformas e fornecedores de tecnologia de marketing;<\/li>\n\n\n\n<li>&#8211; Na eventualidade de aquisi\u00e7\u00e3o ou aliena\u00e7\u00e3o de neg\u00f3cios ou ativos, poderemos partilhar os seus dados pessoais com os potenciais adquirentes desses neg\u00f3cios ou ativos<\/li>\n\n\n\n<li>&#8211; No caso de pagamentos as entidades de cr\u00e9dito e os demais fornecedores de servi\u00e7os de pagamento, bem como os prestadores de servi\u00e7os tecnol\u00f3gicos relacionados com servi\u00e7os de pagamento a quem se transmite os dados para efetuar a transa\u00e7\u00e3o, e que podem estar obrigados pela legisla\u00e7\u00e3o do Estado onde operam, ou por acordos conclu\u00eddos por este, a facilitar informa\u00e7\u00e3o sobre as transa\u00e7\u00f5es \u00e0s autoridades ou organismos oficiais de outros pa\u00edses, situados tanto dentro como fora da Uni\u00e3o Europeia, no \u00e2mbito da luta contra o financiamento ao terrorismo, formas graves de criminalidade organizada e preven\u00e7\u00e3o de branqueamento de capitais.<\/li>\n\n\n\n<li>O nosso website e a nossa aplica\u00e7\u00e3o proporcionam-lhe, em certas circunst\u00e2ncias, plugins sociais de diversas redes sociais. Se decidir interagir com uma rede social como o Facebook, Instagram, Twitter, Google + (por exemplo, atrav\u00e9s do registo de conta), a sua atividade no nosso website ou na nossa aplica\u00e7\u00e3o tamb\u00e9m estar\u00e1 dispon\u00edvel para a respetiva rede social. Se estiver conectado a uma destas redes sociais durante a sua visita ao nosso website ou aplica\u00e7\u00e3o ou se estiver a interagir atrav\u00e9s de um dos mencionados plugins sociais, a rede social poder\u00e1 incluir esta informa\u00e7\u00e3o ao seu perfil na dita rede social, de acordo com a sua configura\u00e7\u00e3o de privacidade. Se deseja evitar este tipo de transfer\u00eancia de dados, encerre a sua sess\u00e3o de conta na rede social antes de entra no nosso website ou aplica\u00e7\u00e3o ou altere a configura\u00e7\u00e3o de privacidade sempre que poss\u00edvel. Aconselhamos a leitura das pol\u00edticas de privacidade das redes sociais que utilizar para obter informa\u00e7\u00e3o detalhada sobre a recolha e transfer\u00eancia de informa\u00e7\u00e3o pessoal, conhecer os seus direitos e quais s\u00e3o as configura\u00e7\u00f5es de privacidade adequadas ao seu perfil que deve selecionar.<\/li>\n<\/ul>\n\n\n\n<h3 class=\"wp-block-heading\">De que modo salvaguardamos os seus dados pessoais?<\/h3>\n\n\n\n<p>Estamos empenhados em adotar todas as medidas razo\u00e1veis e apropriadas para proteger as informa\u00e7\u00f5es pessoais que possu\u00edmos de utiliza\u00e7\u00e3o indevida, altera\u00e7\u00f5es acidentais ou il\u00edcitas, perda e divulga\u00e7\u00e3o ou acessos n\u00e3o autorizados. Para o efeito o Hotel Laranjeira utiliza sistemas de seguran\u00e7a, regras e outros procedimentos, de modo a garantir a prote\u00e7\u00e3o dos seus dados pessoais, bem como para prevenir o acesso n\u00e3o autorizados aos dados, o uso impr\u00f3prio, a sua divulga\u00e7\u00e3o, perda ou destrui\u00e7\u00e3o.<br>Caso suspeite de uma utiliza\u00e7\u00e3o indevida, perda ou acesso n\u00e3o autorizado \u00e0s suas informa\u00e7\u00f5es pessoais, informe-nos imediatamente.<\/p>\n\n\n\n<h3 class=\"wp-block-heading\">Durante quanto tempo conservamos os seus dados pessoais?<\/h3>\n\n\n\n<p>S\u00f3 guardamos os seus dados pessoais pelo tempo necess\u00e1rio para atingir a finalidade para a qual os recolhemos, para responder \u00e0s suas necessidades, \u00e0s solicita\u00e7\u00f5es que nos dirigir, ou para cumprir com as nossas obriga\u00e7\u00f5es contratuais e legais. Para determinar o per\u00edodo pelo qual guardamos os seus dados, usamos os crit\u00e9rios referidos infra. Caso se apliquem v\u00e1rios crit\u00e9rios simultaneamente, conservaremos os seus dados pessoais nos termos do crit\u00e9rio que implicar a conserva\u00e7\u00e3o dos seus dados pessoais pelo maior per\u00edodo de tempo.<\/p>\n\n\n\n<ul class=\"wp-block-list\">\n<li>a) Quando adquirir produtos e servi\u00e7os, conservaremos os seus dados pessoais durante a vig\u00eancia da nossa rela\u00e7\u00e3o comercial, incluindo eventuais reclama\u00e7\u00f5es que possam surgir, bem como e pelo per\u00edodo de dez 10 anos ap\u00f3s a cessa\u00e7\u00e3o de tal rela\u00e7\u00e3o, sem preju\u00edzo do cumprimento de obriga\u00e7\u00f5es legais do respons\u00e1vel do tratamento;<\/li>\n\n\n\n<li>b) Quando nos contactar para colocar quest\u00f5es, solicitar informa\u00e7\u00f5es e esclarecimentos, conservaremos os seus dados pessoais pelo per\u00edodo de tempo necess\u00e1rio para resolver a sua quest\u00e3o\/prestar-lhe as informa\u00e7\u00f5es e\/ou esclarecimentos solicitados;<\/li>\n\n\n\n<li>c) Quando criar uma conta cliente, isto \u00e9, quando se registe no nosso website, conservaremos os seus dados at\u00e9 que nos pe\u00e7a para os apagar ou ap\u00f3s um per\u00edodo de inatividade de dois 2 anos;<\/li>\n\n\n\n<li>d) Quando tenha consentido no envio de marketing direto, conservaremos os seus dados pessoais enquanto se mantiver a finalidade determinante da recolha ou at\u00e9 que anule a subscri\u00e7\u00e3o ou nos pe\u00e7a para a eliminar;<\/li>\n\n\n\n<li>e) Relativamente \u00e0s imagens de captadas pelo sistema de videovigil\u00e2ncia, durante o prazo m\u00e1ximo de trinta [30] dias;<\/li>\n\n\n\n<li>f) Relativamente aos dados recolhidos no processo de recrutamento, durante o prazo m\u00e1ximo de cinco [5] anos ap\u00f3s o encerramento do processo de recrutamento;<\/li>\n\n\n\n<li>g) Relativamente \u00e0 utiliza\u00e7\u00e3o de cookies, conservamo-los enquanto for necess\u00e1rio para atingir as finalidades inerentes aos mesmos, conforme detalhado na Pol\u00edtica de Cookies;<\/li>\n\n\n\n<li>h) O per\u00edodo de tempo previsto na legisla\u00e7\u00e3o aplic\u00e1vel; ou<\/li>\n\n\n\n<li>i) At\u00e9 que o prop\u00f3sito espec\u00edfico aplic\u00e1vel a determinados dados deixe de existir.<\/li>\n<\/ul>\n\n\n\n<p>Podemos reter ainda alguns dos seus dados pessoais na medida em que seja necess\u00e1rio para cumprirmos as nossas obriga\u00e7\u00f5es legais, bem como para administrar ou fazer valer os nossos direitos, designadamente atrav\u00e9s do recurso \u00e0 via judicial ou administrativa.Podemos reter ainda alguns dos seus dados pessoais na medida em que seja necess\u00e1rio para cumprirmos as nossas obriga\u00e7\u00f5es legais, bem como para administrar ou fazer valer os nossos direitos, designadamente atrav\u00e9s do recurso \u00e0 via judicial ou administrativa.<\/p>\n\n\n\n<p>Em qualquer uma das referidas situa\u00e7\u00f5es, caso exista processo judicial ou contraordenacional pendente, os dados ser\u00e3o conservados ainda durante o per\u00edodo de dura\u00e7\u00e3o do processo e at\u00e9 seis meses ap\u00f3s o tr\u00e2nsito em julgado de decis\u00e3o que venha a ser proferida.<\/p>\n\n\n\n<p>Findos os prazos de conserva\u00e7\u00e3o acima referidos, os dados pessoais ser\u00e3o eliminados e\/ou apagados de forma absolutamente segura.<\/p>\n\n\n\n<h3 class=\"wp-block-heading\">De que forma pode aceder, alterar ou remover os dados pessoais que nos forneceu?<\/h3>\n\n\n\n<p>Um dos principais objetivos do RGPD \u00e9 proteger e esclarecer os direitos dos cidad\u00e3os da UE e das pessoas na UE no que toca \u00e0 privacidade dos dados. Tal significa que possui v\u00e1rios direitos relativamente aos seus dados, mesmo quando nos tenham sido fornecidos por si. Os mesmos est\u00e3o descritos mais pormenorizadamente a seguir. Procuraremos tratar o seu pedido sem atrasos indevidos e, em qualquer caso, no prazo de um m\u00eas (sujeito a quaisquer prorroga\u00e7\u00f5es permitidas por lei). Tenha em aten\u00e7\u00e3o que poderemos manter um registo das suas comunica\u00e7\u00f5es para nos ajudar a resolver quaisquer quest\u00f5es suscitadas por si.<\/p>\n\n\n\n<p><strong>Direito de se opor:<\/strong>&nbsp;este direito permite-lhe opor-se ao tratamento da nossa parte dos seus dados pessoais, por motivos relacionados com a sua situa\u00e7\u00e3o particular quando os seus dados pessoais sejam tratados por uma das seguintes raz\u00f5es: (i) os nossos interesses leg\u00edtimos; (ii) para nos permitir executar uma tarefa no interesse p\u00fablico ou exercer autoridade oficial; (iii) para lhe enviar materiais de marketing direto, incluindo defini\u00e7\u00e3o de perfis; e (iv) fins cient\u00edficos, hist\u00f3ricos, de investiga\u00e7\u00e3o ou estat\u00edsticos.<\/p>\n\n\n\n<ul class=\"wp-block-list\">\n<li>Caso exer\u00e7a o direito de oposi\u00e7\u00e3o, iremos por termo ao tratamento dos dados a cujo tratamento se op\u00f4s, salvo se:<\/li>\n\n\n\n<li>&#8211; pudermos demonstrar que temos motivos leg\u00edtimos obrigat\u00f3rios para o tratamento que se sobrep\u00f5em aos seus interesses;<br>ou<\/li>\n\n\n\n<li>&#8211; estarmos a proceder ao tratamento dos seus dados para a declara\u00e7\u00e3o, o exerc\u00edcio ou a defesa de um direito.<\/li>\n<\/ul>\n\n\n\n<p><strong>Direito de retirar o consentimento:<\/strong>&nbsp;Caso tenhamos obtido o seu consentimento para proceder ao tratamento dos seus dados pessoais para determinadas atividades (por exemplo, para fins de marketing), poder\u00e1 retirar este consentimento em qualquer altura e deixaremos de realizar a atividade espec\u00edfica que anteriormente consentiu, salvo se considerarmos existir uma raz\u00e3o alternativa para justificar o tratamento continuado da nossa parte dos seus dados para esta finalidade, caso no qual inform\u00e1-lo-emos sobre esta condi\u00e7\u00e3o.<\/p>\n\n\n\n<p><strong>Pedidos de Acesso do Titular dos Dados:<\/strong>&nbsp;Poder\u00e1 pedir-nos, em qualquer altura, que confirmemos as informa\u00e7\u00f5es de que dispomos sobre si, bem como solicitar informa\u00e7\u00e3o adicional sobre as finalidades do tratamento, o prazo pelo qual conservamos os seus dados, a exist\u00eancia de decis\u00f5es automatizadas, os destinat\u00e1rios a quem os dados s\u00e3o divulgados, entre outra informa\u00e7\u00e3o prevista no artigo 15.\u00ba da RGPD. Poderemos pedir-lhe para verificar a sua identidade e mais informa\u00e7\u00f5es sobre o seu pedido. Se lhe concedermos acesso \u00e0s informa\u00e7\u00f5es que possu\u00edmos sobre si, n\u00e3o cobraremos esse acesso, salvo se o seu pedido for &#8216;manifestamente infundado ou excessivo&#8217;. Se nos pedir c\u00f3pias adicionais destas informa\u00e7\u00f5es, poderemos cobrar-lhe um custo administrativo razo\u00e1vel, quando tal for legalmente permitido. Nos casos em que nos seja legalmente permitido, poderemos recusar o seu pedido. Se recusarmos o seu pedido, ser\u00e1 sempre informado sobre os motivos para faz\u00ea-lo.<\/p>\n\n\n\n<p><strong>Direito ao esquecimento\/apagamento:<\/strong>&nbsp;Em determinadas circunst\u00e2ncias, tem o direito de pedir que apaguemos os seus dados pessoais. Normalmente, o exerc\u00edcio deste direito deve observar um dos seguintes crit\u00e9rios:<\/p>\n\n\n\n<ul class=\"wp-block-list\">\n<li>&#8211; os dados j\u00e1 n\u00e3o s\u00e3o necess\u00e1rios para a finalidade para a qual originalmente os recolhemos e\/ou trat\u00e1mos<\/li>\n\n\n\n<li>&#8211; quando tenha retirado o seu consentimento para procedermos ao tratamento dos seus dados e n\u00e3o exista outra raz\u00e3o v\u00e1lida para que os continuemos a tratar;<\/li>\n\n\n\n<li>&#8211; caso se oponha ao tratamento e n\u00e3o existam interesses leg\u00edtimos prevalecentes que o justifiquem;<\/li>\n\n\n\n<li>&#8211; os dados foram ilicitamente objeto de tratamento (ou seja, de uma forma que n\u00e3o cumpre o RGPD); ou<\/li>\n\n\n\n<li>&#8211; \u00e9 necess\u00e1rio que os dados sejam apagados, a fim de cumprirmos as nossas obriga\u00e7\u00f5es legais enquanto respons\u00e1vel pelo tratamento.<\/li>\n\n\n\n<li>Este direito, no entanto, n\u00e3o se aplica, e portanto o Hotel Laranjeira poder\u00e1 continuar a tratar os seus dados de forma leg\u00edtima, quando tal se revele necess\u00e1rio:<\/li>\n\n\n\n<li>&#8211; para exercer o direito de liberdade de express\u00e3o e informa\u00e7\u00e3o;<\/li>\n\n\n\n<li>&#8211; para cumprir obriga\u00e7\u00f5es legais ou para executar uma tarefa de interesse p\u00fablico ou o exerc\u00edcio de uma autoridade oficial;<\/li>\n\n\n\n<li>&#8211; por motivos de sa\u00fade p\u00fablica no interesse do p\u00fablico;<\/li>\n\n\n\n<li>&#8211; para fins de arquivo, investiga\u00e7\u00e3o ou estat\u00edsticos; ou<\/li>\n\n\n\n<li>&#8211; para o exerc\u00edcio ou a defesa de um direito.<\/li>\n\n\n\n<li>Ao cumprir um pedido v\u00e1lido de apagamento de dados, adotaremos todas as medidas pr\u00e1ticas razo\u00e1veis para apagar os dados.<\/li>\n<\/ul>\n\n\n\n<p><strong>Direito \u00e0 limita\u00e7\u00e3o do tratamento:<\/strong>&nbsp;Em determinadas circunst\u00e2ncias, tem o direito de restringir o tratamento que fazemos dos seus dados pessoais. Tal significa que apenas podemos continuar a armazenar os seus dados e n\u00e3o poderemos realizar mais atividades de tratamento com os mesmos at\u00e9: (i) que uma das circunst\u00e2ncias listadas a seguir esteja resolvida; (ii) tenhamos obtido o seu consentimento; ou (iii) seja necess\u00e1rio tratamento adicional para a declara\u00e7\u00e3o, o exerc\u00edcio ou a defesa de um direito, a prote\u00e7\u00e3o dos direitos de outra pessoa ou motivos de interesse p\u00fablico importante da UE ou de um Estado-Membro.<\/p>\n\n\n\n<ul class=\"wp-block-list\">\n<li>As circunst\u00e2ncias nas quais tem direito a pedir que a restri\u00e7\u00e3o do tratamento dos seus dados pessoais s\u00e3o:<\/li>\n\n\n\n<li>&#8211; no caso de contestar a exatid\u00e3o dos dados pessoais que tratamos sobre si. Neste caso, o tratamento da nossa parte dos seus dados pessoais ser\u00e1 restringido pelo per\u00edodo durante o qual a exatid\u00e3o dos dados \u00e9 verificada;<\/li>\n\n\n\n<li>&#8211; no caso de se opor ao tratamento dos seus dados pessoais para os nossos interesses leg\u00edtimos. Nesta situa\u00e7\u00e3o, pode pedir que os dados sejam restringidos enquanto verificamos os nossos fundamentos para o tratamento dos seus dados pessoais;<\/li>\n\n\n\n<li>&#8211; caso o tratamento que fazemos dos seus dados seja il\u00edcito, mas preferir restringir o tratamento que fazemos dos mesmos em vez do respetivo apagamento; e<\/li>\n\n\n\n<li>&#8211; caso j\u00e1 n\u00e3o precisemos de proceder ao tratamento dos seus dados pessoais, mas necessitemos dos dados para a declara\u00e7\u00e3o, o exerc\u00edcio ou a defesa de um direito.<\/li>\n\n\n\n<li>Caso tenhamos partilhado os seus dados pessoais com terceiros, estes ser\u00e3o notificados sobre o tratamento restringido, salvo se tal for imposs\u00edvel ou implicar um esfor\u00e7o desproporcionado. Iremos, naturalmente, notific\u00e1-lo antes de levantar qualquer restri\u00e7\u00e3o ao tratamento dos seus dados pessoais.<\/li>\n<\/ul>\n\n\n\n<p><strong>Direito de retifica\u00e7\u00e3o:<\/strong>&nbsp;Tem o direito de pedir que retifiquemos quaisquer dados pessoais inexatos ou incompletos que possu\u00edmos sobre si. Caso tenhamos partilhado esses dados pessoais com terceiros, estes ser\u00e3o notificados sobre a retifica\u00e7\u00e3o, salvo se tal for imposs\u00edvel ou implicar um esfor\u00e7o desproporcionado. Quando apropriado, tamb\u00e9m lhe revelaremos a que terceiros divulgamos os dados pessoais inexatos ou incompletos. Nos casos em que consideremos que \u00e9 razo\u00e1vel n\u00e3o satisfazermos o seu pedido, explicaremos os motivos da decis\u00e3o. \u00c9 importante que a informa\u00e7\u00e3o pessoal que possu\u00edmos sobre si seja precisa e atual. Informe-nos caso haja altera\u00e7\u00f5es \u00e0s suas informa\u00e7\u00f5es pessoais durante o per\u00edodo em que conservamos os seus dados.<\/p>\n\n\n\n<p><strong>Direito \u00e0 portabilidade dos dados:<\/strong>&nbsp;Se assim o pretender, tem o direito de transferir os seus dados pessoais entre respons\u00e1veis pelo tratamento. Com efeito, tal significa que pode transferir os dados da sua conto Hotel Laranjeira para outra plataforma em linha. Para permitir que o fa\u00e7a, iremos fornecer-lhe os seus dados num formato de leitura autom\u00e1tica de uso corrente protegido por palavra-passe, para que possa transferir os dados para outra plataforma em linha. Em alternativa, poderemos transferir diretamente os dados por si. Este direito \u00e0 portabilidade dos dados aplica-se a: (i) dados pessoais que tratamos automaticamente (ou seja, sem qualquer interven\u00e7\u00e3o humana); (ii) dados pessoais fornecidos por si; e (iii) dados pessoais que tratamos com base no seu consentimento ou para cumprir um contrato.<\/p>\n\n\n\n<p><strong>Direito de apresentar reclama\u00e7\u00e3o a uma autoridade de controlo:<\/strong>&nbsp;Tem tamb\u00e9m o direito de apresentar uma reclama\u00e7\u00e3o \u00e0 sua autoridade de controlo local, que em Portugal \u00e9 a Comiss\u00e3o Nacional de Prote\u00e7\u00e3o de Dados. Pode contact\u00e1-la das seguintes formas:<\/p>\n\n\n\n<ul class=\"wp-block-list\">\n<li>Telefone (+351) 213928400 \/ Linha de Privacidade: +351 21 393 00 39<\/li>\n\n\n\n<li>E-mail: geral@cnpd.pt<\/li>\n\n\n\n<li>Pedidos de informa\u00e7\u00e3o online: https:\/\/www.cnpd.pt\/bin\/Duvidas\/Duvidas_frm.aspx<\/li>\n\n\n\n<li>Submiss\u00f5es online de reclama\u00e7\u00f5es: https:\/\/www.cnpd.pt\/bin\/Duvidas\/Queixas_frm.aspx<\/li>\n\n\n\n<li>Morada: Rua de S\u00e3o Bento, n\u00ba 148-3\u00ba, 1200-821 Lisboa<\/li>\n\n\n\n<li>Fax: +351 21 397 68 32<\/li>\n\n\n\n<li>Se pretender exercer algum destes direitos ou retirar o seu consentimento para o tratamento dos seus dados pessoais (caso o consentimento seja a nossa base jur\u00eddica para tratar os seus dados pessoais), contacte-nos. Tenha em aten\u00e7\u00e3o que poderemos manter um registo das suas comunica\u00e7\u00f5es para nos ajudar a resolver quaisquer quest\u00f5es suscitadas por si.<\/li>\n<\/ul>\n\n\n\n<h3 class=\"wp-block-heading\">Como nos pode contactar<\/h3>\n\n\n\n<p>Se pretender exercer algum dos direitos supra, suspeitar de uma utiliza\u00e7\u00e3o indevida, perda ou acesso n\u00e3o autorizado ou tiver quaisquer coment\u00e1rios ou sugest\u00f5es \u00e0 presente Pol\u00edtica de Privacidade, pode contactar-nos para os seguintes endere\u00e7os:<\/p>\n\n\n\n<p>Laranjeira &amp; Filhos, Lda \u2013 NIPC 502 272 414. Sede: Rua C\u00e2ndido dos Reis, 45 | 4900-082 Viana do Castelo<br>Em alternativa, pode enviar-nos um e-mail para:info@hotelaranjeira.com<\/p>\n\n\n\n<p>De que forma pode contactar-nos para atualizar as suas prefer\u00eancias de marketing? Pode faz\u00ea-lo enviando-nos um e-mail para os nossos emails gerais, ou clicando na hiperliga\u00e7\u00e3o de cancelamento da subscri\u00e7\u00e3o em qualquer e-mail de marketing que lhe enviamos.<\/p>\n\n\n\n<h3 class=\"wp-block-heading\">Como armazenamos e transferimos os seus dados a n\u00edvel internacional?<\/h3>\n\n\n\n<p>A transmiss\u00e3o de dados a outros pa\u00edses (pa\u00edses fora da Uni\u00e3o Europeia) s\u00f3 ocorre caso tal seja necess\u00e1rio para a execu\u00e7\u00e3o de ordens ou pedidos seus (por exemplo, ordens de pagamento ou envio de produtos), por exig\u00eancia legal ou caso nos tenha concedido uma autoriza\u00e7\u00e3o expressa para o efeito. No caso de ser necess\u00e1rio o recurso a prestadores de servi\u00e7os de pa\u00edses terceiros, estes estar\u00e3o obrigados a cumprir as instru\u00e7\u00f5es escritas nesta mat\u00e9ria, mediante a subscri\u00e7\u00e3o de um acordo com as cl\u00e1usulas contratuais tipo da Uni\u00e3o Europeia, para o cumprimento do n\u00edvel de prote\u00e7\u00e3o de dados aplic\u00e1vel na Uni\u00e3o Europeia. Receber\u00e1 da nossa parte informa\u00e7\u00f5es detalhadas, separadamente, sempre que definido por lei. Queremos garantir que os seus dados s\u00e3o armazenados e transferidos de uma forma segura. Por conseguinte, apenas transferiremos dados fora do Espa\u00e7o Econ\u00f3mico Europeu ou EEE (ou seja, os Estados-Membros da Uni\u00e3o Europeia, juntamente com a Noruega, a Isl\u00e2ndia e o Listenstaine) quando tal seja conforme com a legisla\u00e7\u00e3o em mat\u00e9ria de prote\u00e7\u00e3o de dados e os meios de transfer\u00eancia proporcionem garantias adequadas em rela\u00e7\u00e3o aos seus dados, por exemplo:<\/p>\n\n\n\n<ul class=\"wp-block-list\">\n<li>&#8211; mediante um contrato de transfer\u00eancia de dados, que incorpore as cl\u00e1usulas contratuais-tipo atuais adotadas pela Comiss\u00e3o Europeia para a transfer\u00eancia de dados pessoais por parte dos respons\u00e1veis pelo tratamento dos dados no EEE a respons\u00e1veis pelo tratamento e subcontratantes em jurisdi\u00e7\u00f5es que care\u00e7am de leis de prote\u00e7\u00e3o de dados adequadas; ou<\/li>\n\n\n\n<li>&#8211; mediante a ades\u00e3o ao quadro do Escudo de Prote\u00e7\u00e3o da Privacidade UE-EUA para a transfer\u00eancia de dados pessoais de entidades na UE para entidades nos Estados Unidos da Am\u00e9rica ou qualquer acordo equivalente relativo a outras jurisdi\u00e7\u00f5es; ou<\/li>\n\n\n\n<li>&#8211; transferindo os seus dados para um pa\u00eds onde a Comiss\u00e3o Europeia registou a constata\u00e7\u00e3o de um n\u00edvel de prote\u00e7\u00e3o adequado relativamente aos n\u00edveis de prote\u00e7\u00e3o dos dados desse pa\u00eds atrav\u00e9s da sua legisla\u00e7\u00e3o; ou<\/li>\n\n\n\n<li>&#8211; caso tenha consentido a transfer\u00eancia de dados.<br>Para assegurar que os seus dados pessoais recebem um n\u00edvel adequado de prote\u00e7\u00e3o, aplic\u00e1mos procedimentos apropriados com os terceiros com quem partilhamos os seus dados pessoais para garantir que a sua informa\u00e7\u00e3o pessoal \u00e9 tratada por parte desses terceiros de uma forma consistente e que respeita a lei da prote\u00e7\u00e3o de dados.<\/li>\n<\/ul>\n\n\n\n<h3 class=\"wp-block-heading\">Garantias e advert\u00eancias<\/h3>\n\n\n\n<p>O utilizador garante que os dados pessoais comunicados ao Hotel Laranjeira s\u00e3o certos e exatos e compromete-se a notificar qualquer altera\u00e7\u00e3o ou modifica\u00e7\u00e3o aos mesmos e assume responsabilidade exclusiva pelas perdas e danos causadas pela comunica\u00e7\u00e3o err\u00f3nea, inexata ou incompleta dos dados. O utilizador fica expressamente advertido que ao revelar dados pessoais em meios p\u00fablicos do Hotel Laranjeira como Facebook, Google +, Twitter e Instagram, esta informa\u00e7\u00e3o poder\u00e1 ser vista e utilizada por terceiros. O Hotel Laranjeira n\u00e3o l\u00ea nenhuma comunica\u00e7\u00e3o pessoal publicada nas p\u00e1ginas web pr\u00f3prias dos seus clientes.<\/p>\n\n\n\n<h3 class=\"wp-block-heading\">Browsers recomendados para visualizar a p\u00e1gina correctamente<\/h3>\n\n\n\n<p>O website Hotel Laranjeira encontra-se otimizado para visualiza\u00e7\u00e3o em Google Chrome, Safari, Mozilla Firefox, Microsoft Internet Explorer, Microsoft Edge.<\/p>\n\n\n\n<h2 class=\"wp-block-heading\">POL\u00cdTICA DE COOKIES<\/h2>\n\n\n\n<hr class=\"wp-block-separator has-alpha-channel-opacity\"\/>\n\n\n\n<h3 class=\"wp-block-heading\">O que \u00e9 um cookie?<\/h3>\n\n\n\n<p>Um &#8216;cookie&#8217; \u00e9 um arquivo de informa\u00e7\u00e3o que \u00e9 armazenado no disco r\u00edgido do seu computador e que regista a sua navega\u00e7\u00e3o num site para que, quando volta a visitar esse site, possa apresentar op\u00e7\u00f5es personalizadas com base na informa\u00e7\u00e3o armazenada sobre a sua \u00faltima visita. Tamb\u00e9m podemos usar cookies no nosso website para analisar o tr\u00e1fego e para fins publicit\u00e1rios e de marketing, as quais n\u00e3o prejudicam o seu sistema. Se pretender verificar ou alterar o tipo de cookies que aceita, pode faz\u00ea-lo nas defini\u00e7\u00f5es do seu navegador.<\/p>\n\n\n\n<h3 class=\"wp-block-heading\">Como utilizamos os cookies?<\/h3>\n\n\n\n<p>Utilizamos cookies para rastrear a sua utiliza\u00e7\u00e3o do nosso site. Tal permite-nos compreender a forma como utiliza o site e rastrear eventuais padr\u00f5es que surjam individualmente ou de grupos maiores, o que nos vai ajudar a desenvolver e melhorar o nosso site e servi\u00e7os em resposta ao que os nossos visitantes querem e necessitam.<\/p>\n\n\n\n<ul class=\"wp-block-list\">\n<li>Os cookies s\u00e3o:<\/li>\n\n\n\n<li><strong>Cookies de sess\u00e3o:<\/strong>&nbsp;estes apenas s\u00e3o armazenados no seu computador durante a sua sess\u00e3o Web e s\u00e3o automaticamente apagados quando fecha o navegador &#8211; normalmente, armazenam uma ID de sess\u00e3o an\u00f3nima permitindo-lhe navegar um site sem ter de iniciar sess\u00e3o em cada p\u00e1gina, mas n\u00e3o recolhem nenhuma informa\u00e7\u00e3o do seu computador;<\/li>\n\n\n\n<li><strong>Cookies persistentes:<\/strong>&nbsp;s\u00e3o armazenados como um ficheiro no seu computador e mant\u00eam-se quando fecha o seu navegador Web. O cookie pode ser lido pelo site que o criou quando volta a visitar esse site. Utilizamos cookies persistentes do Google Analytics, Facebook e Mailchimp;<\/li>\n\n\n\n<li><strong>Cookies estritamente necess\u00e1rios:<\/strong>&nbsp;S\u00e3o essenciais para lhe permitir utilizar o site de forma eficaz, n\u00e3o podem ser desativados. Sem estes cookies, os servi\u00e7os que lhe s\u00e3o disponibilizados no site n\u00e3o podem ser prestados. Estes cookies n\u00e3o recolhem informa\u00e7\u00e3o sobre si que possa ser utilizada para marketing;<\/li>\n\n\n\n<li><strong>Cookies de desempenho:<\/strong>&nbsp;Estes cookies permitem-nos monitorizar e melhorar o desempenho do nosso site. Por exemplo, permitem-nos contabilizar as visitas, identificar fontes de tr\u00e1fego e ver que partes do site s\u00e3o mais populares;<\/li>\n\n\n\n<li><strong>Cookies de funcionalidade:<\/strong>&nbsp;Permitem que o nosso site se lembre das escolhas que faz (tais como o seu nome de utilizador, l\u00edngua ou regi\u00e3o onde est\u00e1) e fornecem funcionalidades melhoradas. Por exemplo, poderemos fornecer-lhe not\u00edcias ou atualiza\u00e7\u00f5es pertinentes no nosso website. Estes cookies tamb\u00e9m podem ser utilizados para lembrar altera\u00e7\u00f5es que fez ao tamanho do texto, tipo de letra e outras partes das p\u00e1ginas Web que pode personalizar. Podem igualmente ser utilizados para prestar servi\u00e7os que solicitou, tais como visualizar um v\u00eddeo. A informa\u00e7\u00e3o que estes cookies recolhem \u00e9 normalmente anonimizada;<\/li>\n\n\n\n<li><strong>Cookies de personaliza\u00e7\u00e3o:<\/strong>&nbsp;Estes cookies s\u00e3o persistentes (enquanto estiver registado connosco) e significam que quando inicia sess\u00e3o ou volta ao site pode ver an\u00fancios similares aos que navegou anteriormente.<\/li>\n<\/ul>\n\n\n\n<p><strong>Consentimento<\/strong>&nbsp;Nos termos da Lei n.\u00ba 41\/2004 de 18 de Agosto, o armazenamento de informa\u00e7\u00f5es e a possibilidade de acesso \u00e0 informa\u00e7\u00e3o armazenada no equipamento terminal de um utilizador (nomeadamente atrav\u00e9s de cookies) apenas s\u00e3o realizados pelo Hotel Laranjeira caso o utilizador tenha dado o seu consentimento pr\u00e9vio e expresso \u00e0 instala\u00e7\u00e3o dos cookies no seu equipamento, pelo que lhe pedimos, previamente \u00e0 utiliza\u00e7\u00e3o dos websites, que aceite a presente Pol\u00edtica de Privacidade e de Cookies.<\/p>\n\n\n\n<h3 class=\"wp-block-heading\">Como posso evitar a utiliza\u00e7\u00e3o de Cookies nos websites?<\/h3>\n\n\n\n<p>Assiste ao Cliente o direito de retirar em qualquer momento o consentimento \u00e0 utiliza\u00e7\u00e3o de cookies pelo Hotel Laranjeira, eliminando os cookies armazenados no seu computador atrav\u00e9s das op\u00e7\u00f5es de configura\u00e7\u00e3o do seu navegador da Internet.<\/p>\n\n\n\n<ul class=\"wp-block-list\">\n<li>Pode consultar esta informa\u00e7\u00e3o para os principais navegadores da Internet nos seguintes endere\u00e7os:<\/li>\n\n\n\n<li>Chrome: em&nbsp;<a href=\"https:\/\/support.google.com\/chrome\/answer\/95647?hl=pt\" target=\"_blank\" rel=\"noreferrer noopener\">https:\/\/support.google.com\/chrome\/answer\/95647?hl=pt<\/a><\/li>\n\n\n\n<li>Explorer: em&nbsp;<a href=\"https:\/\/support.microsoft.com\/pt-pt\/help\/278835\/how-to-delete-cookie-files-in-internet-explorer\" target=\"_blank\" rel=\"noreferrer noopener\">https:\/\/support.microsoft.com\/pt-pt\/help\/278835\/how-to-delete-cookie-files-in-internet-explorer<\/a><\/li>\n\n\n\n<li>Firefox: em&nbsp;<a href=\"https:\/\/support.mozilla.org\/pt-PT\/kb\/ativar-e-desativar-cookies-que-os-websites-utiliza\" target=\"_blank\" rel=\"noreferrer noopener\">https:\/\/support.mozilla.org\/pt-PT\/kb\/ativar-e-desativar-cookies-que-os-websites-utiliza<\/a><\/li>\n\n\n\n<li>Safari: em&nbsp;<a href=\"https:\/\/support.apple.com\/kb\/ph5042?locale=pt_PT\" target=\"_blank\" rel=\"noreferrer noopener\">https:\/\/support.apple.com\/kb\/ph5042?locale=pt_PT<\/a><\/li>\n<\/ul>\n\n\n\n<p>Finalmente, se desejar ter um maior controlo sobre a instala\u00e7\u00e3o de cookies, pode instalar programas ou complementos ao seu navegador, conhecidos como ferramentas de \u201cdo not track\u201d, que lhe permitir\u00e3o escolher os cookies que deseja permitir.<br>Em caso de bloqueio ou n\u00e3o autoriza\u00e7\u00e3o para utiliza\u00e7\u00e3o de cookies, n\u00e3o ser\u00e1 armazenada qualquer cookie no seu equipamento, mas n\u00e3o est\u00e1 garantido o bom funcionamento dos nossos websites, n\u00e3o podendo por isso o cliente retirar o m\u00e1ximo benef\u00edcio dos conte\u00fados disponibilizados nos websites do Hotel Laranjeira, sendo que, em cada novo acesso ao website, ser-lhe-\u00e1 sempre solicitada autoriza\u00e7\u00e3o para a utiliza\u00e7\u00e3o de cookies.<\/p>\n\n\n\n<h3 class=\"wp-block-heading\">Declarar, exercer ou defender direitos<\/h3>\n\n\n\n<p>Poder\u00e1 ser por vezes necess\u00e1rio processarmos dados pessoais e, quando apropriado e em conformidade com as leis e requisitos locais, dados pessoais sens\u00edveis em rela\u00e7\u00e3o ao exerc\u00edcio ou defesa de direitos. O artigo 9.\u00ba, n.\u00ba 2, al\u00ednea f do RGPD permite este processamento quando este &#8216;for necess\u00e1rio \u00e0 declara\u00e7\u00e3o, ao exerc\u00edcio ou \u00e0 defesa de um direito num processo judicial ou sempre que os tribunais atuem no exerc\u00edcio da sua fun\u00e7\u00e3o jurisdicional&#8217;.<br>Tal pode surgir, por exemplo, nos casos em que tenhamos a necessidade de obter aconselhamento jur\u00eddico em rela\u00e7\u00e3o a procedimentos legais ou caso sejamos obrigados por lei a conservar ou a divulgar determinada informa\u00e7\u00e3o como parte de um processo jur\u00eddico.<\/p>\n\n\n\n<h3 class=\"wp-block-heading\">Contactos<\/h3>\n\n\n\n<p>O Hotel Laranjeira agradece os seus coment\u00e1rios em rela\u00e7\u00e3o a esta Pol\u00edtica de Privacidade. Se acredita que o Hotel Laranjeira n\u00e3o cumpre com esta declara\u00e7\u00e3o, por favor contate-nos. Iremos tentar avaliar a sua sugest\u00e3o e responder-lhe o mais rapidamente poss\u00edvel.<\/p>\n\n<\/div>\n<\/div>","protected":false},"excerpt":{"rendered":"<p>Introdu\u00e7\u00e3o A pol\u00edtica de privacidade abaixo descrita oferece-lhe uma perspetiva geral da forma como a Laranjeira &amp; Filhos, Lda trata os seus dados pessoais e dos seus direitos nesta mat\u00e9ria, de acordo com o disposto no Regulamento (EU) 2016\/679 do Parlamento Europeu e do Conselho &#8211; Regulamento Geral sobre a Prote\u00e7\u00e3o de Dados (\u201cRGPD\u201d) e &#8230; <a title=\"Data Protection and Privacy Policy\" class=\"read-more\" href=\"https:\/\/hotelaranjeira.com\/en\/politica-de-privacidade\/\" aria-label=\"Read more about Pol\u00edtica de Prote\u00e7\u00e3o de Dados e de Privacidade\">Read more<\/a><\/p>","protected":false},"author":1,"featured_media":0,"parent":0,"menu_order":0,"comment_status":"closed","ping_status":"open","template":"","meta":{"_acf_changed":false,"footnotes":""},"class_list":["post-3","page","type-page","status-publish"],"acf":[],"_links":{"self":[{"href":"https:\/\/hotelaranjeira.com\/en\/wp-json\/wp\/v2\/pages\/3","targetHints":{"allow":["GET"]}}],"collection":[{"href":"https:\/\/hotelaranjeira.com\/en\/wp-json\/wp\/v2\/pages"}],"about":[{"href":"https:\/\/hotelaranjeira.com\/en\/wp-json\/wp\/v2\/types\/page"}],"author":[{"embeddable":true,"href":"https:\/\/hotelaranjeira.com\/en\/wp-json\/wp\/v2\/users\/1"}],"replies":[{"embeddable":true,"href":"https:\/\/hotelaranjeira.com\/en\/wp-json\/wp\/v2\/comments?post=3"}],"version-history":[{"count":11,"href":"https:\/\/hotelaranjeira.com\/en\/wp-json\/wp\/v2\/pages\/3\/revisions"}],"predecessor-version":[{"id":790,"href":"https:\/\/hotelaranjeira.com\/en\/wp-json\/wp\/v2\/pages\/3\/revisions\/790"}],"wp:attachment":[{"href":"https:\/\/hotelaranjeira.com\/en\/wp-json\/wp\/v2\/media?parent=3"}],"curies":[{"name":"wp","href":"https:\/\/api.w.org\/{rel}","templated":true}]}}